{"id":13410,"date":"2025-09-21T10:15:43","date_gmt":"2025-09-21T10:15:43","guid":{"rendered":"https:\/\/resonanzio.de\/produkt\/akustik-waende\/"},"modified":"2026-09-01T20:03:10","modified_gmt":"2026-09-01T20:03:10","slug":"diffuseurs-acoustiques","status":"publish","type":"product","link":"https:\/\/resonanzio.de\/fr\/produkt\/diffuseurs-acoustiques\/","title":{"rendered":"Diffuseurs acoustiques"},"content":{"rendered":"\t\t<div data-elementor-type=\"wp-post\" data-elementor-id=\"13410\" class=\"elementor elementor-13410 elementor-8532\" data-elementor-post-type=\"product\">\n\t\t\t\t<div class=\"elementor-element elementor-element-5531dc92 e-flex e-con-boxed parallax_section_no qode_elementor_container_no e-con e-parent\" data-id=\"5531dc92\" data-element_type=\"container\" data-e-type=\"container\">\n\t\t\t\t\t<div class=\"e-con-inner\">\n\t\t\t\t<div class=\"elementor-element elementor-element-134f9852 elementor-widget elementor-widget-text-editor\" data-id=\"134f9852\" data-element_type=\"widget\" data-e-type=\"widget\" data-widget_type=\"text-editor.default\">\n\t\t\t\t\t\t\t\t\t<p>Nos diffuseurs acoustiques sont particuli\u00e8rement efficaces dans les salles de concert trop r\u00e9verb\u00e9rantes. Ils permettent aux\u00a0musiciennes et musiciens de mieux s&rsquo;entendre les uns les autres et contribuent ainsi \u00e0 un meilleur\u00a0jeu d&rsquo;ensemble. La surface des panneaux en bois tendre diffuse le son, de sorte qu\u2019il est dirig\u00e9 dans toutes les\u00a0directions. Les diffuseurs\u00a0sont \u00e9quip\u00e9s de roulettes, ce qui permet de\u00a0les d\u00e9placer facilement d&rsquo;un endroit \u00e0 l\u2019autre.<\/p><p>Nous proposons \u00e9galement des diffuseurs\u00a0acoustiques sp\u00e9ciaux pour l&rsquo;ext\u00e9rieur. De construction tr\u00e8s robuste, ils r\u00e9sistent m\u00eame\u00a0aux rafales de vent. Ils sont \u00e9galement dot\u00e9s d&rsquo;une surface r\u00e9fl\u00e9chissante.\u00a0Ces panneaux sont fabriqu\u00e9s dans un mat\u00e9riau qui ne craint pas l\u2019humidit\u00e9.<\/p><p>Nos diffuseurs acoustiques sont fabriqu\u00e9s sur mesure \u00e0 Br\u00eame en fonction de vos besoins sp\u00e9cifiques.<\/p><p>Les dimensions standard des diffuseurs sont les suivantes:<\/p><table style=\"width: 300px; border: 1px solid #ccc; border-collapse: collapse;\"><tbody><tr><td style=\"border: 1px solid #ccc; padding: 5px;\">Breite<\/td><td style=\"border: 1px solid #ccc; padding: 5px;\">95 cm<\/td><\/tr><tr><td style=\"border: 1px solid #ccc; padding: 5px;\">H\u00f6he<\/td><td style=\"border: 1px solid #ccc; padding: 5px;\">240 cm<\/td><\/tr><\/tbody><\/table><p style=\"text-align: right;\">Foto: Christoph Giese<\/p>\t\t\t\t\t\t\t\t<\/div>\n\t\t\t\t\t<\/div>\n\t\t\t\t<\/div>\n\t\t<div class=\"elementor-element elementor-element-ce4964f parallax_section_holder e-flex e-con-boxed qode_elementor_container_no e-con e-parent\" data-id=\"ce4964f\" data-element_type=\"container\" data-e-type=\"container\" data-settings=\"{&quot;background_background&quot;:&quot;classic&quot;,&quot;qode_parallax_image&quot;:{&quot;url&quot;:&quot;&quot;,&quot;id&quot;:&quot;&quot;,&quot;size&quot;:&quot;&quot;}}\">\n\t\t\t\t\t<div class=\"e-con-inner\">\n\t\t\t\t<div class=\"elementor-element elementor-element-0979073 elementor-testimonial--layout-image_above elementor-testimonial--mobile-align-center elementor-testimonial--skin-default elementor-testimonial--align-center elementor-arrows-yes elementor-pagination-type-bullets elementor-widget elementor-widget-testimonial-carousel\" data-id=\"0979073\" data-element_type=\"widget\" data-e-type=\"widget\" data-settings=\"{&quot;speed&quot;:1500,&quot;autoplay_speed&quot;:8000,&quot;show_arrows&quot;:&quot;yes&quot;,&quot;pagination&quot;:&quot;bullets&quot;,&quot;autoplay&quot;:&quot;yes&quot;,&quot;loop&quot;:&quot;yes&quot;,&quot;pause_on_hover&quot;:&quot;yes&quot;,&quot;pause_on_interaction&quot;:&quot;yes&quot;,&quot;space_between&quot;:{&quot;unit&quot;:&quot;px&quot;,&quot;size&quot;:10,&quot;sizes&quot;:[]},&quot;space_between_tablet&quot;:{&quot;unit&quot;:&quot;px&quot;,&quot;size&quot;:10,&quot;sizes&quot;:[]},&quot;space_between_mobile&quot;:{&quot;unit&quot;:&quot;px&quot;,&quot;size&quot;:10,&quot;sizes&quot;:[]}}\" data-widget_type=\"testimonial-carousel.default\">\n\t\t\t\t\t\t\t\t\t\t<div class=\"elementor-main-swiper swiper\" role=\"region\" aria-roledescription=\"carousel\" aria-label=\"Slider\">\n\t\t\t\t<div class=\"swiper-wrapper\">\n\t\t\t\t\t\t\t\t\t\t\t<div class=\"swiper-slide\" role=\"group\" aria-roledescription=\"slide\">\n\t\t\t\t\t\t\t\t\t<div class=\"elementor-testimonial\">\n\t\t\t\t\t\t\t<div class=\"elementor-testimonial__content\">\n\t\t\t\t\t<div class=\"elementor-testimonial__text\">\n\t\t\t\t\t\tWir, das Freiburger Barockorchester, sch\u00e4tzen uns sehr gl\u00fccklich, von nun an unsere Open-Air-Konzerte auf einer besonderen Resonanzb\u00fchne und mit zus\u00e4tzlichen Akustik-Reflektoren der Bremer Firma Resonanzio spielen zu k\u00f6nnen! Die Musiker:innen h\u00f6ren sich gegenseitig viel klarer und besser, und der H\u00f6rgenuss ist f\u00fcr die Zuschauer:innen unvergleichbar intensiver als bei einem normalen Open-Air-Konzert. \nNachdem wir seit Jahren auf den fantastischen Resonanz-Podesten f\u00fcr unsere Kontrab\u00e4sse und Barock-Celli spielen, sind nun auch diese neuen Akustik-Elemente von Resonanzio eine weitere und ungew\u00f6hnliche Hilfe f\u00fcr die stetige Arbeit an dem besonderen Klang des FBOs.\t\t\t\t\t<\/div>\n\t\t\t\t\t<cite class=\"elementor-testimonial__cite\"><span class=\"elementor-testimonial__name\">Hans-Georg Kaiser<\/span><span class=\"elementor-testimonial__title\">Intendant FBO<\/span><\/cite>\t\t\t\t<\/div>\n\t\t\t\t\t\t<div class=\"elementor-testimonial__footer\">\n\t\t\t\t\t\t\t\t\t<div class=\"elementor-testimonial__image\">\n\t\t\t\t\t\t<img decoding=\"async\" src=\"https:\/\/resonanzio.de\/wp-content\/uploads\/2025\/12\/Bildschirmfoto-2025-11-11-um-22.32.36-4.jpeg\" alt=\"Hans-Georg Kaiser\">\n\t\t\t\t\t\t\t\t\t\t\t<\/div>\n\t\t\t\t\t\t\t\t\t\t\t<\/div>\n\t\t<\/div>\n\t\t\t\t\t\t\t\t<\/div>\n\t\t\t\t\t\t\t\t\t\t\t<div class=\"swiper-slide\" role=\"group\" aria-roledescription=\"slide\">\n\t\t\t\t\t\t\t\t\t<div class=\"elementor-testimonial\">\n\t\t\t\t\t\t\t<div class=\"elementor-testimonial__content\">\n\t\t\t\t\t<div class=\"elementor-testimonial__text\">\n\t\t\t\t\t\tEin tolles Spielgef\u00fchl hatten wir bei unseren Open-Air Konzerten auf der mobilen Resonanz-B\u00fchne! Wir Musiker konnten uns dadurch viel besser gegenseitig h\u00f6ren, so dass unser Zusammenspiel viel leicht war. Seit Jahren bin ich gro\u00dfer Fan der Cello-Klangpodeste von Resonanzio, und ich freue mich sehr \u00fcber die Weiterenticklung dieser Resonanzidee.\t\t\t\t\t<\/div>\n\t\t\t\t\t<cite class=\"elementor-testimonial__cite\"><span class=\"elementor-testimonial__name\">Guido Larisch<\/span><span class=\"elementor-testimonial__title\">Solo-Cellist Freiburger Barockorchester<\/span><\/cite>\t\t\t\t<\/div>\n\t\t\t\t\t\t<div class=\"elementor-testimonial__footer\">\n\t\t\t\t\t\t\t\t\t<div class=\"elementor-testimonial__image\">\n\t\t\t\t\t\t<img decoding=\"async\" src=\"https:\/\/resonanzio.de\/wp-content\/uploads\/2025\/12\/IMG_1750-3.jpeg\" alt=\"Guido Larisch\">\n\t\t\t\t\t\t\t\t\t\t\t<\/div>\n\t\t\t\t\t\t\t\t\t\t\t<\/div>\n\t\t<\/div>\n\t\t\t\t\t\t\t\t<\/div>\n\t\t\t\t\t\t\t\t\t<\/div>\n\t\t\t\t\t\t\t\t\t\t\t\t\t\t\t<div class=\"elementor-swiper-button elementor-swiper-button-prev\" role=\"button\" tabindex=\"0\" aria-label=\"Pr\u00e9c\u00e9dent\">\n\t\t\t\t\t\t\t<svg aria-hidden=\"true\" class=\"e-font-icon-svg e-eicon-chevron-left\" viewBox=\"0 0 1000 1000\" xmlns=\"http:\/\/www.w3.org\/2000\/svg\"><path d=\"M646 125C629 125 613 133 604 142L308 442C296 454 292 471 292 487 292 504 296 521 308 533L604 854C617 867 629 875 646 875 663 875 679 871 692 858 704 846 713 829 713 812 713 796 708 779 692 767L438 487 692 225C700 217 708 204 708 187 708 171 704 154 692 142 675 129 663 125 646 125Z\"><\/path><\/svg>\t\t\t\t\t\t<\/div>\n\t\t\t\t\t\t<div class=\"elementor-swiper-button elementor-swiper-button-next\" role=\"button\" tabindex=\"0\" aria-label=\"Suivant\">\n\t\t\t\t\t\t\t<svg aria-hidden=\"true\" class=\"e-font-icon-svg e-eicon-chevron-right\" viewBox=\"0 0 1000 1000\" xmlns=\"http:\/\/www.w3.org\/2000\/svg\"><path d=\"M696 533C708 521 713 504 713 487 713 471 708 454 696 446L400 146C388 133 375 125 354 125 338 125 325 129 313 142 300 154 292 171 292 187 292 204 296 221 308 233L563 492 304 771C292 783 288 800 288 817 288 833 296 850 308 863 321 871 338 875 354 875 371 875 388 867 400 854L696 533Z\"><\/path><\/svg>\t\t\t\t\t\t<\/div>\n\t\t\t\t\t\t\t\t\t\t\t\t\t\t\t\t<div class=\"swiper-pagination\"><\/div>\n\t\t\t\t\t\t\t\t\t\t\t\t<\/div>\n\t\t\t\t\t\t\t\t<\/div>\n\t\t\t\t\t<\/div>\n\t\t\t\t<\/div>\n\t\t\t\t<\/div>\n\t\t","protected":false},"excerpt":{"rendered":"<p>&nbsp;<\/p>\n<h4><span style=\"color: #c63527;\">R\u00e9flexions acoustiques dans toutes les directions<\/span><\/h4>\n<p>&nbsp;<\/p>\n<p>Dans le style moderne propre \u00e0 Resonanzio, nous proposons \u00e9galement des diffuseurs arri\u00e8re r\u00e9fl\u00e9chissants. Les musiciens s&rsquo;entendent ainsi plus nettement, le son ne pouvant pas se perdre vers l\u2019arri\u00e8re. Ces cloisons peuvent \u00eatre \u00e9galement utilis\u00e9es de mani\u00e8re flexible en fonction des besoins acoustiques.<\/p>\n","protected":false},"featured_media":13405,"template":"","meta":[],"product_brand":[],"product_cat":[400],"product_tag":[],"class_list":{"0":"post-13410","1":"product","2":"type-product","3":"status-publish","4":"has-post-thumbnail","6":"product_cat-resonanzio","8":"first","9":"instock","10":"shipping-taxable","11":"product-type-simple"},"yoast_head":"<!-- This site is optimized with the Yoast SEO plugin v27.5 - https:\/\/yoast.com\/product\/yoast-seo-wordpress\/ -->\n<title>Akustik-W\u00e4nde f\u00fcr Konzertbetrieb<\/title>\n<meta name=\"description\" content=\"Akustik-Elemente f\u00fcr Konzerthallen, Kirchen oder andere Veranstaltungsorte | Ideal geeignet f\u00fcr Openair-B\u00fchnen | gute Akustik | Transparenter Klang\" \/>\n<meta name=\"robots\" content=\"index, follow, max-snippet:-1, max-image-preview:large, max-video-preview:-1\" \/>\n<link rel=\"canonical\" href=\"https:\/\/resonanzio.de\/fr\/produkt\/diffuseurs-acoustiques\/\" \/>\n<meta property=\"og:locale\" content=\"fr_FR\" \/>\n<meta property=\"og:type\" content=\"article\" \/>\n<meta property=\"og:title\" content=\"Akustik-W\u00e4nde f\u00fcr Konzertbetrieb\" \/>\n<meta property=\"og:description\" content=\"Akustik-Elemente f\u00fcr Konzerthallen, Kirchen oder andere Veranstaltungsorte | Ideal geeignet f\u00fcr Openair-B\u00fchnen | gute Akustik | Transparenter Klang\" \/>\n<meta property=\"og:url\" content=\"https:\/\/resonanzio.de\/fr\/produkt\/diffuseurs-acoustiques\/\" \/>\n<meta property=\"og:site_name\" content=\"Resonanzio \u2013 F\u00fcr Orchester und Konzerts\u00e4le\" \/>\n<meta property=\"article:publisher\" content=\"https:\/\/www.facebook.com\/resonanzio\" \/>\n<meta property=\"article:modified_time\" content=\"2026-09-01T20:03:10+00:00\" \/>\n<meta property=\"og:image\" content=\"https:\/\/resonanzio.de\/wp-content\/uploads\/2025\/09\/Akustik-Waende-Acoustical-Walls.jpg\" \/>\n\t<meta property=\"og:image:width\" content=\"750\" \/>\n\t<meta property=\"og:image:height\" content=\"750\" \/>\n\t<meta property=\"og:image:type\" content=\"image\/jpeg\" \/>\n<meta name=\"twitter:card\" content=\"summary_large_image\" \/>\n<meta name=\"twitter:label1\" content=\"Dur\u00e9e de lecture estim\u00e9e\" \/>\n\t<meta name=\"twitter:data1\" content=\"4 minutes\" \/>\n<script type=\"application\/ld+json\" class=\"yoast-schema-graph\">{\"@context\":\"https:\\\/\\\/schema.org\",\"@graph\":[{\"@type\":\"WebPage\",\"@id\":\"https:\\\/\\\/resonanzio.de\\\/fr\\\/produkt\\\/diffuseurs-acoustiques\\\/\",\"url\":\"https:\\\/\\\/resonanzio.de\\\/fr\\\/produkt\\\/diffuseurs-acoustiques\\\/\",\"name\":\"Akustik-W\u00e4nde f\u00fcr Konzertbetrieb\",\"isPartOf\":{\"@id\":\"https:\\\/\\\/resonanzio.de\\\/en\\\/#website\"},\"primaryImageOfPage\":{\"@id\":\"https:\\\/\\\/resonanzio.de\\\/fr\\\/produkt\\\/diffuseurs-acoustiques\\\/#primaryimage\"},\"image\":{\"@id\":\"https:\\\/\\\/resonanzio.de\\\/fr\\\/produkt\\\/diffuseurs-acoustiques\\\/#primaryimage\"},\"thumbnailUrl\":\"https:\\\/\\\/resonanzio.de\\\/wp-content\\\/uploads\\\/2025\\\/09\\\/Akustik-Waende-Acoustical-Walls.jpg\",\"datePublished\":\"2025-09-21T10:15:43+00:00\",\"dateModified\":\"2026-09-01T20:03:10+00:00\",\"description\":\"Akustik-Elemente f\u00fcr Konzerthallen, Kirchen oder andere Veranstaltungsorte | Ideal geeignet f\u00fcr Openair-B\u00fchnen | gute Akustik | Transparenter Klang\",\"breadcrumb\":{\"@id\":\"https:\\\/\\\/resonanzio.de\\\/fr\\\/produkt\\\/diffuseurs-acoustiques\\\/#breadcrumb\"},\"inLanguage\":\"fr-FR\",\"potentialAction\":[{\"@type\":\"ReadAction\",\"target\":[\"https:\\\/\\\/resonanzio.de\\\/fr\\\/produkt\\\/diffuseurs-acoustiques\\\/\"]}]},{\"@type\":\"ImageObject\",\"inLanguage\":\"fr-FR\",\"@id\":\"https:\\\/\\\/resonanzio.de\\\/fr\\\/produkt\\\/diffuseurs-acoustiques\\\/#primaryimage\",\"url\":\"https:\\\/\\\/resonanzio.de\\\/wp-content\\\/uploads\\\/2025\\\/09\\\/Akustik-Waende-Acoustical-Walls.jpg\",\"contentUrl\":\"https:\\\/\\\/resonanzio.de\\\/wp-content\\\/uploads\\\/2025\\\/09\\\/Akustik-Waende-Acoustical-Walls.jpg\",\"width\":750,\"height\":750},{\"@type\":\"BreadcrumbList\",\"@id\":\"https:\\\/\\\/resonanzio.de\\\/fr\\\/produkt\\\/diffuseurs-acoustiques\\\/#breadcrumb\",\"itemListElement\":[{\"@type\":\"ListItem\",\"position\":1,\"name\":\"Startseite\",\"item\":\"https:\\\/\\\/resonanzio.de\\\/fr\\\/\"},{\"@type\":\"ListItem\",\"position\":2,\"name\":\"Produkte default\",\"item\":\"https:\\\/\\\/resonanzio.de\\\/shop\\\/\"},{\"@type\":\"ListItem\",\"position\":3,\"name\":\"Diffuseurs acoustiques\"}]},{\"@type\":\"WebSite\",\"@id\":\"https:\\\/\\\/resonanzio.de\\\/en\\\/#website\",\"url\":\"https:\\\/\\\/resonanzio.de\\\/en\\\/\",\"name\":\"Resonanzio \u2013 F\u00fcr Orchester und Konzerts\u00e4le\",\"description\":\"Resonanz-Podeste f\u00fcr Orchester und Konzerts\u00e4le\",\"publisher\":{\"@id\":\"https:\\\/\\\/resonanzio.de\\\/en\\\/#organization\"},\"potentialAction\":[{\"@type\":\"SearchAction\",\"target\":{\"@type\":\"EntryPoint\",\"urlTemplate\":\"https:\\\/\\\/resonanzio.de\\\/en\\\/?s={search_term_string}\"},\"query-input\":{\"@type\":\"PropertyValueSpecification\",\"valueRequired\":true,\"valueName\":\"search_term_string\"}}],\"inLanguage\":\"fr-FR\"},{\"@type\":\"Organization\",\"@id\":\"https:\\\/\\\/resonanzio.de\\\/en\\\/#organization\",\"name\":\"Resonanzio \u2013 F\u00fcr Orchester und Konzerts\u00e4le\",\"url\":\"https:\\\/\\\/resonanzio.de\\\/en\\\/\",\"logo\":{\"@type\":\"ImageObject\",\"inLanguage\":\"fr-FR\",\"@id\":\"https:\\\/\\\/resonanzio.de\\\/en\\\/#\\\/schema\\\/logo\\\/image\\\/\",\"url\":\"https:\\\/\\\/resonanzio.de\\\/wp-content\\\/uploads\\\/2025\\\/11\\\/Resonanzio_klangpodest_klangpodium_cellopodest-cellopodium_soundpodium_riser.jpeg\",\"contentUrl\":\"https:\\\/\\\/resonanzio.de\\\/wp-content\\\/uploads\\\/2025\\\/11\\\/Resonanzio_klangpodest_klangpodium_cellopodest-cellopodium_soundpodium_riser.jpeg\",\"width\":390,\"height\":514,\"caption\":\"Resonanzio \u2013 F\u00fcr Orchester und Konzerts\u00e4le\"},\"image\":{\"@id\":\"https:\\\/\\\/resonanzio.de\\\/en\\\/#\\\/schema\\\/logo\\\/image\\\/\"},\"sameAs\":[\"https:\\\/\\\/www.facebook.com\\\/resonanzio\",\"https:\\\/\\\/www.instagram.com\\\/resonanzio\\\/\"]}]}<\/script>\n<!-- \/ Yoast SEO plugin. -->","yoast_head_json":{"title":"Akustik-W\u00e4nde f\u00fcr Konzertbetrieb","description":"Akustik-Elemente f\u00fcr Konzerthallen, Kirchen oder andere Veranstaltungsorte | Ideal geeignet f\u00fcr Openair-B\u00fchnen | gute Akustik | Transparenter Klang","robots":{"index":"index","follow":"follow","max-snippet":"max-snippet:-1","max-image-preview":"max-image-preview:large","max-video-preview":"max-video-preview:-1"},"canonical":"https:\/\/resonanzio.de\/fr\/produkt\/diffuseurs-acoustiques\/","og_locale":"fr_FR","og_type":"article","og_title":"Akustik-W\u00e4nde f\u00fcr Konzertbetrieb","og_description":"Akustik-Elemente f\u00fcr Konzerthallen, Kirchen oder andere Veranstaltungsorte | Ideal geeignet f\u00fcr Openair-B\u00fchnen | gute Akustik | Transparenter Klang","og_url":"https:\/\/resonanzio.de\/fr\/produkt\/diffuseurs-acoustiques\/","og_site_name":"Resonanzio \u2013 F\u00fcr Orchester und Konzerts\u00e4le","article_publisher":"https:\/\/www.facebook.com\/resonanzio","article_modified_time":"2026-09-01T20:03:10+00:00","og_image":[{"width":750,"height":750,"url":"https:\/\/resonanzio.de\/wp-content\/uploads\/2025\/09\/Akustik-Waende-Acoustical-Walls.jpg","type":"image\/jpeg"}],"twitter_card":"summary_large_image","twitter_misc":{"Dur\u00e9e de lecture estim\u00e9e":"4 minutes"},"schema":{"@context":"https:\/\/schema.org","@graph":[{"@type":"WebPage","@id":"https:\/\/resonanzio.de\/fr\/produkt\/diffuseurs-acoustiques\/","url":"https:\/\/resonanzio.de\/fr\/produkt\/diffuseurs-acoustiques\/","name":"Akustik-W\u00e4nde f\u00fcr Konzertbetrieb","isPartOf":{"@id":"https:\/\/resonanzio.de\/en\/#website"},"primaryImageOfPage":{"@id":"https:\/\/resonanzio.de\/fr\/produkt\/diffuseurs-acoustiques\/#primaryimage"},"image":{"@id":"https:\/\/resonanzio.de\/fr\/produkt\/diffuseurs-acoustiques\/#primaryimage"},"thumbnailUrl":"https:\/\/resonanzio.de\/wp-content\/uploads\/2025\/09\/Akustik-Waende-Acoustical-Walls.jpg","datePublished":"2025-09-21T10:15:43+00:00","dateModified":"2026-09-01T20:03:10+00:00","description":"Akustik-Elemente f\u00fcr Konzerthallen, Kirchen oder andere Veranstaltungsorte | Ideal geeignet f\u00fcr Openair-B\u00fchnen | gute Akustik | Transparenter Klang","breadcrumb":{"@id":"https:\/\/resonanzio.de\/fr\/produkt\/diffuseurs-acoustiques\/#breadcrumb"},"inLanguage":"fr-FR","potentialAction":[{"@type":"ReadAction","target":["https:\/\/resonanzio.de\/fr\/produkt\/diffuseurs-acoustiques\/"]}]},{"@type":"ImageObject","inLanguage":"fr-FR","@id":"https:\/\/resonanzio.de\/fr\/produkt\/diffuseurs-acoustiques\/#primaryimage","url":"https:\/\/resonanzio.de\/wp-content\/uploads\/2025\/09\/Akustik-Waende-Acoustical-Walls.jpg","contentUrl":"https:\/\/resonanzio.de\/wp-content\/uploads\/2025\/09\/Akustik-Waende-Acoustical-Walls.jpg","width":750,"height":750},{"@type":"BreadcrumbList","@id":"https:\/\/resonanzio.de\/fr\/produkt\/diffuseurs-acoustiques\/#breadcrumb","itemListElement":[{"@type":"ListItem","position":1,"name":"Startseite","item":"https:\/\/resonanzio.de\/fr\/"},{"@type":"ListItem","position":2,"name":"Produkte default","item":"https:\/\/resonanzio.de\/shop\/"},{"@type":"ListItem","position":3,"name":"Diffuseurs acoustiques"}]},{"@type":"WebSite","@id":"https:\/\/resonanzio.de\/en\/#website","url":"https:\/\/resonanzio.de\/en\/","name":"Resonanzio \u2013 F\u00fcr Orchester und Konzerts\u00e4le","description":"Resonanz-Podeste f\u00fcr Orchester und Konzerts\u00e4le","publisher":{"@id":"https:\/\/resonanzio.de\/en\/#organization"},"potentialAction":[{"@type":"SearchAction","target":{"@type":"EntryPoint","urlTemplate":"https:\/\/resonanzio.de\/en\/?s={search_term_string}"},"query-input":{"@type":"PropertyValueSpecification","valueRequired":true,"valueName":"search_term_string"}}],"inLanguage":"fr-FR"},{"@type":"Organization","@id":"https:\/\/resonanzio.de\/en\/#organization","name":"Resonanzio \u2013 F\u00fcr Orchester und Konzerts\u00e4le","url":"https:\/\/resonanzio.de\/en\/","logo":{"@type":"ImageObject","inLanguage":"fr-FR","@id":"https:\/\/resonanzio.de\/en\/#\/schema\/logo\/image\/","url":"https:\/\/resonanzio.de\/wp-content\/uploads\/2025\/11\/Resonanzio_klangpodest_klangpodium_cellopodest-cellopodium_soundpodium_riser.jpeg","contentUrl":"https:\/\/resonanzio.de\/wp-content\/uploads\/2025\/11\/Resonanzio_klangpodest_klangpodium_cellopodest-cellopodium_soundpodium_riser.jpeg","width":390,"height":514,"caption":"Resonanzio \u2013 F\u00fcr Orchester und Konzerts\u00e4le"},"image":{"@id":"https:\/\/resonanzio.de\/en\/#\/schema\/logo\/image\/"},"sameAs":["https:\/\/www.facebook.com\/resonanzio","https:\/\/www.instagram.com\/resonanzio\/"]}]}},"_links":{"self":[{"href":"https:\/\/resonanzio.de\/fr\/wp-json\/wp\/v2\/product\/13410","targetHints":{"allow":["GET"]}}],"collection":[{"href":"https:\/\/resonanzio.de\/fr\/wp-json\/wp\/v2\/product"}],"about":[{"href":"https:\/\/resonanzio.de\/fr\/wp-json\/wp\/v2\/types\/product"}],"version-history":[{"count":5,"href":"https:\/\/resonanzio.de\/fr\/wp-json\/wp\/v2\/product\/13410\/revisions"}],"predecessor-version":[{"id":13422,"href":"https:\/\/resonanzio.de\/fr\/wp-json\/wp\/v2\/product\/13410\/revisions\/13422"}],"wp:featuredmedia":[{"embeddable":true,"href":"https:\/\/resonanzio.de\/fr\/wp-json\/wp\/v2\/media\/13405"}],"wp:attachment":[{"href":"https:\/\/resonanzio.de\/fr\/wp-json\/wp\/v2\/media?parent=13410"}],"wp:term":[{"taxonomy":"product_brand","embeddable":true,"href":"https:\/\/resonanzio.de\/fr\/wp-json\/wp\/v2\/product_brand?post=13410"},{"taxonomy":"product_cat","embeddable":true,"href":"https:\/\/resonanzio.de\/fr\/wp-json\/wp\/v2\/product_cat?post=13410"},{"taxonomy":"product_tag","embeddable":true,"href":"https:\/\/resonanzio.de\/fr\/wp-json\/wp\/v2\/product_tag?post=13410"}],"curies":[{"name":"wp","href":"https:\/\/api.w.org\/{rel}","templated":true}]}}