{"id":13460,"date":"2025-09-25T10:12:04","date_gmt":"2025-09-25T10:12:04","guid":{"rendered":"https:\/\/resonanzio.de\/produkt\/basic-podeste-fuer-violinen-viola\/"},"modified":"2026-09-01T20:19:51","modified_gmt":"2026-09-01T20:19:51","slug":"estrades-basic","status":"publish","type":"product","link":"https:\/\/resonanzio.de\/fr\/produkt\/estrades-basic\/","title":{"rendered":"Estrades Basic"},"content":{"rendered":"\t\t<div data-elementor-type=\"wp-post\" data-elementor-id=\"13460\" class=\"elementor elementor-13460 elementor-8528\" data-elementor-post-type=\"product\">\n\t\t\t\t<div class=\"elementor-element elementor-element-3a59c38e e-flex e-con-boxed parallax_section_no qode_elementor_container_no e-con e-parent\" data-id=\"3a59c38e\" data-element_type=\"container\" data-e-type=\"container\">\n\t\t\t\t\t<div class=\"e-con-inner\">\n\t\t\t\t<div class=\"elementor-element elementor-element-534f2790 elementor-widget elementor-widget-text-editor\" data-id=\"534f2790\" data-element_type=\"widget\" data-e-type=\"widget\" data-widget_type=\"text-editor.default\">\n\t\t\t\t\t\t\t\t\tOutre nos estrades acoustiques\u00a0dot\u00e9es d&rsquo;un concept acoustique sophistiqu\u00e9,\u00a0Resonanzio propose \u00e9galement des estrades sur\u00e9lev\u00e9es classiques pour orchestres, fosses d&rsquo;op\u00e9ra ou\u00a0salles de concert. Ces estrades d&rsquo;orchestre <strong><em><b><i>Resonanzio Basic<\/i><\/b><\/em><\/strong>\u00a0sont robustes et con\u00e7ues pour un usage quotidien,\u00a0elles sont l\u00e9g\u00e8res et empilables. Elles b\u00e9n\u00e9ficient d&rsquo;une finition de haute qualit\u00e9 et sont con\u00e7ues dans le style esth\u00e9tique\u00a0caract\u00e9ristique de Resonanzio.\n\nLes estrades\u00a0<strong><em><b><i>Resonanzio Basic<\/i><\/b><\/em><\/strong>\u00a0peuvent, par exemple, \u00eatre utilis\u00e9es\u00a0sur le devant des fosses d&rsquo;orchestre pour les cordes ou bien aussi\u00a0pour les\u00a0vents\u00a0; elles sont disponibles en diff\u00e9rentes hauteurs, formes et couleurs.\u00a0Gr\u00e2ce \u00e0 leur surface en bois tendre, elles contribuent \u00e0 une bonne sonorit\u00e9 d&rsquo;ensemble, m\u00eame sans le concept acoustique des\u00a0estrades acoustiques.\n\n\t\t\t\t\t\t\t\t<\/div>\n\t\t\t\t\t<\/div>\n\t\t\t\t<\/div>\n\t\t<div class=\"elementor-element elementor-element-cd81aea parallax_section_holder e-flex e-con-boxed qode_elementor_container_no e-con e-parent\" data-id=\"cd81aea\" data-element_type=\"container\" data-e-type=\"container\" data-settings=\"{&quot;background_background&quot;:&quot;classic&quot;,&quot;qode_parallax_image&quot;:{&quot;url&quot;:&quot;&quot;,&quot;id&quot;:&quot;&quot;,&quot;size&quot;:&quot;&quot;}}\">\n\t\t\t\t\t<div class=\"e-con-inner\">\n\t\t\t\t<div class=\"elementor-element elementor-element-66884a8 elementor-testimonial--layout-image_above elementor-testimonial--mobile-align-center elementor-testimonial--skin-default elementor-testimonial--align-center elementor-arrows-yes elementor-pagination-type-bullets elementor-widget elementor-widget-testimonial-carousel\" data-id=\"66884a8\" data-element_type=\"widget\" data-e-type=\"widget\" data-settings=\"{&quot;speed&quot;:1500,&quot;autoplay_speed&quot;:8000,&quot;show_arrows&quot;:&quot;yes&quot;,&quot;pagination&quot;:&quot;bullets&quot;,&quot;autoplay&quot;:&quot;yes&quot;,&quot;loop&quot;:&quot;yes&quot;,&quot;pause_on_hover&quot;:&quot;yes&quot;,&quot;pause_on_interaction&quot;:&quot;yes&quot;,&quot;space_between&quot;:{&quot;unit&quot;:&quot;px&quot;,&quot;size&quot;:10,&quot;sizes&quot;:[]},&quot;space_between_tablet&quot;:{&quot;unit&quot;:&quot;px&quot;,&quot;size&quot;:10,&quot;sizes&quot;:[]},&quot;space_between_mobile&quot;:{&quot;unit&quot;:&quot;px&quot;,&quot;size&quot;:10,&quot;sizes&quot;:[]}}\" data-widget_type=\"testimonial-carousel.default\">\n\t\t\t\t\t\t\t\t\t\t<div class=\"elementor-main-swiper swiper\" role=\"region\" aria-roledescription=\"carousel\" aria-label=\"Slider\">\n\t\t\t\t<div class=\"swiper-wrapper\">\n\t\t\t\t\t\t\t\t\t\t\t<div class=\"swiper-slide\" role=\"group\" aria-roledescription=\"slide\">\n\t\t\t\t\t\t\t\t\t<div class=\"elementor-testimonial\">\n\t\t\t\t\t\t\t<div class=\"elementor-testimonial__content\">\n\t\t\t\t\t<div class=\"elementor-testimonial__text\">\n\t\t\t\t\t\tMatthias Goerne auf einem Resonanzio-Podest f\u00fcr eine Schubert-CD-Aufnahme\t\t\t\t\t<\/div>\n\t\t\t\t\t<cite class=\"elementor-testimonial__cite\"><span class=\"elementor-testimonial__name\">Matthias Goerne<\/span><span class=\"elementor-testimonial__title\">Bariton S\u00e4nger<\/span><\/cite>\t\t\t\t<\/div>\n\t\t\t\t\t\t<div class=\"elementor-testimonial__footer\">\n\t\t\t\t\t\t\t\t\t<div class=\"elementor-testimonial__image\">\n\t\t\t\t\t\t<img decoding=\"async\" src=\"https:\/\/resonanzio.de\/wp-content\/uploads\/2025\/09\/Goerne-1-1.jpeg\" alt=\"Matthias Goerne\">\n\t\t\t\t\t\t\t\t\t\t\t<\/div>\n\t\t\t\t\t\t\t\t\t\t\t<\/div>\n\t\t<\/div>\n\t\t\t\t\t\t\t\t<\/div>\n\t\t\t\t\t\t\t\t\t\t\t<div class=\"swiper-slide\" role=\"group\" aria-roledescription=\"slide\">\n\t\t\t\t\t\t\t\t\t<div class=\"elementor-testimonial\">\n\t\t\t\t\t\t\t<div class=\"elementor-testimonial__content\">\n\t\t\t\t\t<div class=\"elementor-testimonial__text\">\n\t\t\t\t\t\tIsabell Faust auf Resonanzio in der Elbphilharmonie\t\t\t\t\t<\/div>\n\t\t\t\t\t<cite class=\"elementor-testimonial__cite\"><span class=\"elementor-testimonial__name\">Isabell Faust<\/span><span class=\"elementor-testimonial__title\">Solistin Violine<\/span><\/cite>\t\t\t\t<\/div>\n\t\t\t\t\t\t<div class=\"elementor-testimonial__footer\">\n\t\t\t\t\t\t\t\t\t<div class=\"elementor-testimonial__image\">\n\t\t\t\t\t\t<img decoding=\"async\" src=\"https:\/\/resonanzio.de\/wp-content\/uploads\/2025\/09\/Klangpodest_Les_Siecles_Isabelle_Faust_Alexander_Melinkkov_Francois-Xavier_Roth_EPGS_c_Daniel_Dittus_05.t6513e067.m1600.xZsiFtkr4meGVMzf_.jpeg\" alt=\"Isabell Faust\">\n\t\t\t\t\t\t\t\t\t\t\t<\/div>\n\t\t\t\t\t\t\t\t\t\t\t<\/div>\n\t\t<\/div>\n\t\t\t\t\t\t\t\t<\/div>\n\t\t\t\t\t\t\t\t\t\t\t<div class=\"swiper-slide\" role=\"group\" aria-roledescription=\"slide\">\n\t\t\t\t\t\t\t\t\t<div class=\"elementor-testimonial\">\n\t\t\t\t\t\t\t<div class=\"elementor-testimonial__content\">\n\t\t\t\t\t<div class=\"elementor-testimonial__text\">\n\t\t\t\t\t\tCembali auf Resonanz-Platten \t\t\t\t\t<\/div>\n\t\t\t\t\t\t\t\t\t<\/div>\n\t\t\t\t\t\t<div class=\"elementor-testimonial__footer\">\n\t\t\t\t\t\t\t\t\t<div class=\"elementor-testimonial__image\">\n\t\t\t\t\t\t<img decoding=\"async\" src=\"https:\/\/resonanzio.de\/wp-content\/uploads\/2025\/09\/Cembalo-1-1.jpeg\" alt=\"\">\n\t\t\t\t\t\t\t\t\t\t\t<\/div>\n\t\t\t\t\t\t\t\t\t\t\t<\/div>\n\t\t<\/div>\n\t\t\t\t\t\t\t\t<\/div>\n\t\t\t\t\t\t\t\t\t\t\t<div class=\"swiper-slide\" role=\"group\" aria-roledescription=\"slide\">\n\t\t\t\t\t\t\t\t\t<div class=\"elementor-testimonial\">\n\t\t\t\t\t\t\t<div class=\"elementor-testimonial__content\">\n\t\t\t\t\t<div class=\"elementor-testimonial__text\">\n\t\t\t\t\t\tHistorisches Kontrafagott auf einem Resonanzio Podest\t\t\t\t\t<\/div>\n\t\t\t\t\t\t\t\t\t<\/div>\n\t\t\t\t\t\t<div class=\"elementor-testimonial__footer\">\n\t\t\t\t\t\t\t\t\t<div class=\"elementor-testimonial__image\">\n\t\t\t\t\t\t<img decoding=\"async\" src=\"https:\/\/resonanzio.de\/wp-content\/uploads\/2025\/09\/Dresdner-Philharmonie-1.jpg\" alt=\"\">\n\t\t\t\t\t\t\t\t\t\t\t<\/div>\n\t\t\t\t\t\t\t\t\t\t\t<\/div>\n\t\t<\/div>\n\t\t\t\t\t\t\t\t<\/div>\n\t\t\t\t\t\t\t\t\t\t\t<div class=\"swiper-slide\" role=\"group\" aria-roledescription=\"slide\">\n\t\t\t\t\t\t\t\t\t<div class=\"elementor-testimonial\">\n\t\t\t\t\t\t\t<div class=\"elementor-testimonial__content\">\n\t\t\t\t\t<div class=\"elementor-testimonial__text\">\n\t\t\t\t\t\tPauken auf Resonanzplatten\t\t\t\t\t<\/div>\n\t\t\t\t\t\t\t\t\t<\/div>\n\t\t\t\t\t\t<div class=\"elementor-testimonial__footer\">\n\t\t\t\t\t\t\t\t\t<div class=\"elementor-testimonial__image\">\n\t\t\t\t\t\t<img decoding=\"async\" src=\"https:\/\/resonanzio.de\/wp-content\/uploads\/2025\/09\/Pauken-Podest-1-1.jpeg\" alt=\"\">\n\t\t\t\t\t\t\t\t\t\t\t<\/div>\n\t\t\t\t\t\t\t\t\t\t\t<\/div>\n\t\t<\/div>\n\t\t\t\t\t\t\t\t<\/div>\n\t\t\t\t\t\t\t\t\t<\/div>\n\t\t\t\t\t\t\t\t\t\t\t\t\t\t\t<div class=\"elementor-swiper-button elementor-swiper-button-prev\" role=\"button\" tabindex=\"0\" aria-label=\"Pr\u00e9c\u00e9dent\">\n\t\t\t\t\t\t\t<svg aria-hidden=\"true\" class=\"e-font-icon-svg e-eicon-chevron-left\" viewBox=\"0 0 1000 1000\" xmlns=\"http:\/\/www.w3.org\/2000\/svg\"><path d=\"M646 125C629 125 613 133 604 142L308 442C296 454 292 471 292 487 292 504 296 521 308 533L604 854C617 867 629 875 646 875 663 875 679 871 692 858 704 846 713 829 713 812 713 796 708 779 692 767L438 487 692 225C700 217 708 204 708 187 708 171 704 154 692 142 675 129 663 125 646 125Z\"><\/path><\/svg>\t\t\t\t\t\t<\/div>\n\t\t\t\t\t\t<div class=\"elementor-swiper-button elementor-swiper-button-next\" role=\"button\" tabindex=\"0\" aria-label=\"Suivant\">\n\t\t\t\t\t\t\t<svg aria-hidden=\"true\" class=\"e-font-icon-svg e-eicon-chevron-right\" viewBox=\"0 0 1000 1000\" xmlns=\"http:\/\/www.w3.org\/2000\/svg\"><path d=\"M696 533C708 521 713 504 713 487 713 471 708 454 696 446L400 146C388 133 375 125 354 125 338 125 325 129 313 142 300 154 292 171 292 187 292 204 296 221 308 233L563 492 304 771C292 783 288 800 288 817 288 833 296 850 308 863 321 871 338 875 354 875 371 875 388 867 400 854L696 533Z\"><\/path><\/svg>\t\t\t\t\t\t<\/div>\n\t\t\t\t\t\t\t\t\t\t\t\t\t\t\t\t<div class=\"swiper-pagination\"><\/div>\n\t\t\t\t\t\t\t\t\t\t\t\t<\/div>\n\t\t\t\t\t\t\t\t<\/div>\n\t\t\t\t\t<\/div>\n\t\t\t\t<\/div>\n\t\t\t\t<\/div>\n\t\t","protected":false},"excerpt":{"rendered":"<h4><\/h4>\n<h4><span style=\"color: #c63527;\"><span dir=\"auto\" style=\"vertical-align: inherit;\"><span dir=\"auto\" style=\"vertical-align: inherit;\">Plateformes pour violons et altos<\/span><\/span><\/span><\/h4>\n<p>&nbsp;<\/p>\n<p><span dir=\"auto\" style=\"vertical-align: inherit;\"><span dir=\"auto\" style=\"vertical-align: inherit;\">Dans le style caract\u00e9ristique de Resonanzio et avec la finition haut de gamme habituelle : les estrades Resonanzio Basic pour orchestre constituent des compl\u00e9ments \u00e0 la fois pratiques et esth\u00e9tiques pour toute salle de concert. Ces petites estrades l\u00e9g\u00e8res (sans caisse de r\u00e9sonance) conviennent parfaitement \u00e0 tous les musiciens et musiciennes assis \u00e0 l&rsquo;arri\u00e8re de l&rsquo;orchestre. Les estrades Resonanzio Basic sont construites dans le style propre \u00e0 Resonanzio et constituent un excellent compl\u00e9ment aux estrades acoustiques pour harpes, violoncelles et contrebasses.<\/span><\/span><\/p>\n","protected":false},"featured_media":13298,"template":"","meta":[],"product_brand":[],"product_cat":[400],"product_tag":[],"class_list":{"0":"post-13460","1":"product","2":"type-product","3":"status-publish","4":"has-post-thumbnail","6":"product_cat-resonanzio","8":"first","9":"instock","10":"shipping-taxable","11":"product-type-simple"},"yoast_head":"<!-- This site is optimized with the Yoast SEO plugin v27.5 - https:\/\/yoast.com\/product\/yoast-seo-wordpress\/ -->\n<title>Orchesterpodeste f\u00fcr Violinen und Violas | Resonanzio<\/title>\n<meta name=\"description\" content=\"Resonanzpodeste f\u00fcr Orchester und Konzerts\u00e4le | Podeste f\u00fcr Violinen und Violen im Resonanzio Design | Musikerpodeste | Handwerkskunst aus Bremen\" \/>\n<meta name=\"robots\" content=\"index, follow, max-snippet:-1, max-image-preview:large, max-video-preview:-1\" \/>\n<link rel=\"canonical\" href=\"https:\/\/resonanzio.de\/fr\/produkt\/estrades-basic\/\" \/>\n<meta property=\"og:locale\" content=\"fr_FR\" \/>\n<meta property=\"og:type\" content=\"article\" \/>\n<meta property=\"og:title\" content=\"Orchesterpodeste f\u00fcr Violinen und Violas | Resonanzio\" \/>\n<meta property=\"og:description\" content=\"Resonanzpodeste f\u00fcr Orchester und Konzerts\u00e4le | Podeste f\u00fcr Violinen und Violen im Resonanzio Design | Musikerpodeste | Handwerkskunst aus Bremen\" \/>\n<meta property=\"og:url\" content=\"https:\/\/resonanzio.de\/fr\/produkt\/estrades-basic\/\" \/>\n<meta property=\"og:site_name\" content=\"Resonanzio \u2013 F\u00fcr Orchester und Konzerts\u00e4le\" \/>\n<meta property=\"article:publisher\" content=\"https:\/\/www.facebook.com\/resonanzio\" \/>\n<meta property=\"article:modified_time\" content=\"2026-09-01T20:19:51+00:00\" \/>\n<meta property=\"og:image\" content=\"https:\/\/resonanzio.de\/wp-content\/uploads\/2025\/09\/Podeste-fuer-Violinen.jpeg\" \/>\n\t<meta property=\"og:image:width\" content=\"500\" \/>\n\t<meta property=\"og:image:height\" content=\"500\" \/>\n\t<meta property=\"og:image:type\" content=\"image\/jpeg\" \/>\n<meta name=\"twitter:card\" content=\"summary_large_image\" \/>\n<meta name=\"twitter:label1\" content=\"Dur\u00e9e de lecture estim\u00e9e\" \/>\n\t<meta name=\"twitter:data1\" content=\"3 minutes\" \/>\n<script type=\"application\/ld+json\" class=\"yoast-schema-graph\">{\"@context\":\"https:\\\/\\\/schema.org\",\"@graph\":[{\"@type\":\"WebPage\",\"@id\":\"https:\\\/\\\/resonanzio.de\\\/fr\\\/produkt\\\/estrades-basic\\\/\",\"url\":\"https:\\\/\\\/resonanzio.de\\\/fr\\\/produkt\\\/estrades-basic\\\/\",\"name\":\"Orchesterpodeste f\u00fcr Violinen und Violas | Resonanzio\",\"isPartOf\":{\"@id\":\"https:\\\/\\\/resonanzio.de\\\/en\\\/#website\"},\"primaryImageOfPage\":{\"@id\":\"https:\\\/\\\/resonanzio.de\\\/fr\\\/produkt\\\/estrades-basic\\\/#primaryimage\"},\"image\":{\"@id\":\"https:\\\/\\\/resonanzio.de\\\/fr\\\/produkt\\\/estrades-basic\\\/#primaryimage\"},\"thumbnailUrl\":\"https:\\\/\\\/resonanzio.de\\\/wp-content\\\/uploads\\\/2025\\\/09\\\/Podeste-fuer-Violinen.jpeg\",\"datePublished\":\"2025-09-25T10:12:04+00:00\",\"dateModified\":\"2026-09-01T20:19:51+00:00\",\"description\":\"Resonanzpodeste f\u00fcr Orchester und Konzerts\u00e4le | Podeste f\u00fcr Violinen und Violen im Resonanzio Design | Musikerpodeste | Handwerkskunst aus Bremen\",\"breadcrumb\":{\"@id\":\"https:\\\/\\\/resonanzio.de\\\/fr\\\/produkt\\\/estrades-basic\\\/#breadcrumb\"},\"inLanguage\":\"fr-FR\",\"potentialAction\":[{\"@type\":\"ReadAction\",\"target\":[\"https:\\\/\\\/resonanzio.de\\\/fr\\\/produkt\\\/estrades-basic\\\/\"]}]},{\"@type\":\"ImageObject\",\"inLanguage\":\"fr-FR\",\"@id\":\"https:\\\/\\\/resonanzio.de\\\/fr\\\/produkt\\\/estrades-basic\\\/#primaryimage\",\"url\":\"https:\\\/\\\/resonanzio.de\\\/wp-content\\\/uploads\\\/2025\\\/09\\\/Podeste-fuer-Violinen.jpeg\",\"contentUrl\":\"https:\\\/\\\/resonanzio.de\\\/wp-content\\\/uploads\\\/2025\\\/09\\\/Podeste-fuer-Violinen.jpeg\",\"width\":500,\"height\":500},{\"@type\":\"BreadcrumbList\",\"@id\":\"https:\\\/\\\/resonanzio.de\\\/fr\\\/produkt\\\/estrades-basic\\\/#breadcrumb\",\"itemListElement\":[{\"@type\":\"ListItem\",\"position\":1,\"name\":\"Startseite\",\"item\":\"https:\\\/\\\/resonanzio.de\\\/fr\\\/\"},{\"@type\":\"ListItem\",\"position\":2,\"name\":\"Produkte default\",\"item\":\"https:\\\/\\\/resonanzio.de\\\/shop\\\/\"},{\"@type\":\"ListItem\",\"position\":3,\"name\":\"Estrades Basic\"}]},{\"@type\":\"WebSite\",\"@id\":\"https:\\\/\\\/resonanzio.de\\\/en\\\/#website\",\"url\":\"https:\\\/\\\/resonanzio.de\\\/en\\\/\",\"name\":\"Resonanzio \u2013 F\u00fcr Orchester und Konzerts\u00e4le\",\"description\":\"Resonanz-Podeste f\u00fcr Orchester und Konzerts\u00e4le\",\"publisher\":{\"@id\":\"https:\\\/\\\/resonanzio.de\\\/en\\\/#organization\"},\"potentialAction\":[{\"@type\":\"SearchAction\",\"target\":{\"@type\":\"EntryPoint\",\"urlTemplate\":\"https:\\\/\\\/resonanzio.de\\\/en\\\/?s={search_term_string}\"},\"query-input\":{\"@type\":\"PropertyValueSpecification\",\"valueRequired\":true,\"valueName\":\"search_term_string\"}}],\"inLanguage\":\"fr-FR\"},{\"@type\":\"Organization\",\"@id\":\"https:\\\/\\\/resonanzio.de\\\/en\\\/#organization\",\"name\":\"Resonanzio \u2013 F\u00fcr Orchester und Konzerts\u00e4le\",\"url\":\"https:\\\/\\\/resonanzio.de\\\/en\\\/\",\"logo\":{\"@type\":\"ImageObject\",\"inLanguage\":\"fr-FR\",\"@id\":\"https:\\\/\\\/resonanzio.de\\\/en\\\/#\\\/schema\\\/logo\\\/image\\\/\",\"url\":\"https:\\\/\\\/resonanzio.de\\\/wp-content\\\/uploads\\\/2025\\\/11\\\/Resonanzio_klangpodest_klangpodium_cellopodest-cellopodium_soundpodium_riser.jpeg\",\"contentUrl\":\"https:\\\/\\\/resonanzio.de\\\/wp-content\\\/uploads\\\/2025\\\/11\\\/Resonanzio_klangpodest_klangpodium_cellopodest-cellopodium_soundpodium_riser.jpeg\",\"width\":390,\"height\":514,\"caption\":\"Resonanzio \u2013 F\u00fcr Orchester und Konzerts\u00e4le\"},\"image\":{\"@id\":\"https:\\\/\\\/resonanzio.de\\\/en\\\/#\\\/schema\\\/logo\\\/image\\\/\"},\"sameAs\":[\"https:\\\/\\\/www.facebook.com\\\/resonanzio\",\"https:\\\/\\\/www.instagram.com\\\/resonanzio\\\/\"]}]}<\/script>\n<!-- \/ Yoast SEO plugin. -->","yoast_head_json":{"title":"Orchesterpodeste f\u00fcr Violinen und Violas | Resonanzio","description":"Resonanzpodeste f\u00fcr Orchester und Konzerts\u00e4le | Podeste f\u00fcr Violinen und Violen im Resonanzio Design | Musikerpodeste | Handwerkskunst aus Bremen","robots":{"index":"index","follow":"follow","max-snippet":"max-snippet:-1","max-image-preview":"max-image-preview:large","max-video-preview":"max-video-preview:-1"},"canonical":"https:\/\/resonanzio.de\/fr\/produkt\/estrades-basic\/","og_locale":"fr_FR","og_type":"article","og_title":"Orchesterpodeste f\u00fcr Violinen und Violas | Resonanzio","og_description":"Resonanzpodeste f\u00fcr Orchester und Konzerts\u00e4le | Podeste f\u00fcr Violinen und Violen im Resonanzio Design | Musikerpodeste | Handwerkskunst aus Bremen","og_url":"https:\/\/resonanzio.de\/fr\/produkt\/estrades-basic\/","og_site_name":"Resonanzio \u2013 F\u00fcr Orchester und Konzerts\u00e4le","article_publisher":"https:\/\/www.facebook.com\/resonanzio","article_modified_time":"2026-09-01T20:19:51+00:00","og_image":[{"width":500,"height":500,"url":"https:\/\/resonanzio.de\/wp-content\/uploads\/2025\/09\/Podeste-fuer-Violinen.jpeg","type":"image\/jpeg"}],"twitter_card":"summary_large_image","twitter_misc":{"Dur\u00e9e de lecture estim\u00e9e":"3 minutes"},"schema":{"@context":"https:\/\/schema.org","@graph":[{"@type":"WebPage","@id":"https:\/\/resonanzio.de\/fr\/produkt\/estrades-basic\/","url":"https:\/\/resonanzio.de\/fr\/produkt\/estrades-basic\/","name":"Orchesterpodeste f\u00fcr Violinen und Violas | Resonanzio","isPartOf":{"@id":"https:\/\/resonanzio.de\/en\/#website"},"primaryImageOfPage":{"@id":"https:\/\/resonanzio.de\/fr\/produkt\/estrades-basic\/#primaryimage"},"image":{"@id":"https:\/\/resonanzio.de\/fr\/produkt\/estrades-basic\/#primaryimage"},"thumbnailUrl":"https:\/\/resonanzio.de\/wp-content\/uploads\/2025\/09\/Podeste-fuer-Violinen.jpeg","datePublished":"2025-09-25T10:12:04+00:00","dateModified":"2026-09-01T20:19:51+00:00","description":"Resonanzpodeste f\u00fcr Orchester und Konzerts\u00e4le | Podeste f\u00fcr Violinen und Violen im Resonanzio Design | Musikerpodeste | Handwerkskunst aus Bremen","breadcrumb":{"@id":"https:\/\/resonanzio.de\/fr\/produkt\/estrades-basic\/#breadcrumb"},"inLanguage":"fr-FR","potentialAction":[{"@type":"ReadAction","target":["https:\/\/resonanzio.de\/fr\/produkt\/estrades-basic\/"]}]},{"@type":"ImageObject","inLanguage":"fr-FR","@id":"https:\/\/resonanzio.de\/fr\/produkt\/estrades-basic\/#primaryimage","url":"https:\/\/resonanzio.de\/wp-content\/uploads\/2025\/09\/Podeste-fuer-Violinen.jpeg","contentUrl":"https:\/\/resonanzio.de\/wp-content\/uploads\/2025\/09\/Podeste-fuer-Violinen.jpeg","width":500,"height":500},{"@type":"BreadcrumbList","@id":"https:\/\/resonanzio.de\/fr\/produkt\/estrades-basic\/#breadcrumb","itemListElement":[{"@type":"ListItem","position":1,"name":"Startseite","item":"https:\/\/resonanzio.de\/fr\/"},{"@type":"ListItem","position":2,"name":"Produkte default","item":"https:\/\/resonanzio.de\/shop\/"},{"@type":"ListItem","position":3,"name":"Estrades Basic"}]},{"@type":"WebSite","@id":"https:\/\/resonanzio.de\/en\/#website","url":"https:\/\/resonanzio.de\/en\/","name":"Resonanzio \u2013 F\u00fcr Orchester und Konzerts\u00e4le","description":"Resonanz-Podeste f\u00fcr Orchester und Konzerts\u00e4le","publisher":{"@id":"https:\/\/resonanzio.de\/en\/#organization"},"potentialAction":[{"@type":"SearchAction","target":{"@type":"EntryPoint","urlTemplate":"https:\/\/resonanzio.de\/en\/?s={search_term_string}"},"query-input":{"@type":"PropertyValueSpecification","valueRequired":true,"valueName":"search_term_string"}}],"inLanguage":"fr-FR"},{"@type":"Organization","@id":"https:\/\/resonanzio.de\/en\/#organization","name":"Resonanzio \u2013 F\u00fcr Orchester und Konzerts\u00e4le","url":"https:\/\/resonanzio.de\/en\/","logo":{"@type":"ImageObject","inLanguage":"fr-FR","@id":"https:\/\/resonanzio.de\/en\/#\/schema\/logo\/image\/","url":"https:\/\/resonanzio.de\/wp-content\/uploads\/2025\/11\/Resonanzio_klangpodest_klangpodium_cellopodest-cellopodium_soundpodium_riser.jpeg","contentUrl":"https:\/\/resonanzio.de\/wp-content\/uploads\/2025\/11\/Resonanzio_klangpodest_klangpodium_cellopodest-cellopodium_soundpodium_riser.jpeg","width":390,"height":514,"caption":"Resonanzio \u2013 F\u00fcr Orchester und Konzerts\u00e4le"},"image":{"@id":"https:\/\/resonanzio.de\/en\/#\/schema\/logo\/image\/"},"sameAs":["https:\/\/www.facebook.com\/resonanzio","https:\/\/www.instagram.com\/resonanzio\/"]}]}},"_links":{"self":[{"href":"https:\/\/resonanzio.de\/fr\/wp-json\/wp\/v2\/product\/13460","targetHints":{"allow":["GET"]}}],"collection":[{"href":"https:\/\/resonanzio.de\/fr\/wp-json\/wp\/v2\/product"}],"about":[{"href":"https:\/\/resonanzio.de\/fr\/wp-json\/wp\/v2\/types\/product"}],"version-history":[{"count":4,"href":"https:\/\/resonanzio.de\/fr\/wp-json\/wp\/v2\/product\/13460\/revisions"}],"predecessor-version":[{"id":13486,"href":"https:\/\/resonanzio.de\/fr\/wp-json\/wp\/v2\/product\/13460\/revisions\/13486"}],"wp:featuredmedia":[{"embeddable":true,"href":"https:\/\/resonanzio.de\/fr\/wp-json\/wp\/v2\/media\/13298"}],"wp:attachment":[{"href":"https:\/\/resonanzio.de\/fr\/wp-json\/wp\/v2\/media?parent=13460"}],"wp:term":[{"taxonomy":"product_brand","embeddable":true,"href":"https:\/\/resonanzio.de\/fr\/wp-json\/wp\/v2\/product_brand?post=13460"},{"taxonomy":"product_cat","embeddable":true,"href":"https:\/\/resonanzio.de\/fr\/wp-json\/wp\/v2\/product_cat?post=13460"},{"taxonomy":"product_tag","embeddable":true,"href":"https:\/\/resonanzio.de\/fr\/wp-json\/wp\/v2\/product_tag?post=13460"}],"curies":[{"name":"wp","href":"https:\/\/api.w.org\/{rel}","templated":true}]}}